{"id":2031,"date":"2025-02-12T21:45:11","date_gmt":"2025-02-12T21:45:11","guid":{"rendered":"https:\/\/nordicecho.eu\/?post_type=creators&#038;p=2031"},"modified":"2025-03-19T22:02:10","modified_gmt":"2025-03-19T22:02:10","slug":"jan-johansson","status":"publish","type":"creators","link":"https:\/\/nordicecho.eu\/fr\/createurs\/jan-johansson\/","title":{"rendered":"Jan Johansson"},"content":{"rendered":"\n<div class=\"wp-block-group is-layout-flow wp-block-group-is-layout-flow\" style=\"padding-bottom:var(--wp--preset--spacing--50)\">\n<h1 class=\"wp-block-heading\" style=\"padding-bottom:0\"><strong><strong>Jan Johansson \u2013 L\u2019Artiste Verrier et Orf\u00e8vre<\/strong><\/strong><\/h1>\n\n\n\n<p>Jan Johansson (1942\u20132018) \u00e9tait l\u2019un des artistes verriers et orf\u00e8vres les plus \u00e9minents de Su\u00e8de, connu pour son travail chez Orrefors ainsi que pour ses propres projets artistiques. Gr\u00e2ce \u00e0 sa pr\u00e9cision dans le travail du verre et \u00e0 sa sensibilit\u00e9 \u00e0 la lumi\u00e8re, il a cr\u00e9\u00e9 des objets de design intemporels et \u00e9l\u00e9gants, toujours pris\u00e9s et admir\u00e9s aujourd\u2019hui. Tout au long de sa longue carri\u00e8re, il a con\u00e7u des \u0153uvres embl\u00e9matiques telles que la s\u00e9rie \u00ab Street \u00bb, \u00ab Fleur \u00bb et la sculpture d&rsquo;autel \u00ab Golgata \u2013 La couronne d\u2019\u00e9pines du Christ \u00bb dans la cath\u00e9drale de Link\u00f6ping. Son travail se caract\u00e9risait par un \u00e9quilibre parfait entre fonctionnalit\u00e9 et esth\u00e9tique, ce qui l\u2019a \u00e9lev\u00e9 au rang de l\u00e9gende dans l\u2019art du verre su\u00e9dois.<\/p>\n<\/div>\n\n\n\n<h4 class=\"wp-block-heading\">Jan Johansson<\/h4>\n\n\n\n<div class=\"wp-block-group is-layout-flow wp-block-group-is-layout-flow\" style=\"padding-top:var(--wp--preset--spacing--40);padding-bottom:var(--wp--preset--spacing--40)\">\n<figure class=\"wp-block-image size-full is-resized\"><a href=\"https:\/\/fleasy.eu\/products\/glass-bowl-jan-johansson-tulip-orrefors\" target=\"_blank\" rel=\" noreferrer noopener\"><img loading=\"lazy\" decoding=\"async\" width=\"816\" height=\"460\" src=\"https:\/\/nordicecho.eu\/wp-content\/uploads\/2025\/02\/Screenshot-2025-03-19-at-22.15.05.png\" alt=\"Jan Johansson\" class=\"wp-image-2155\" style=\"width:536px\" srcset=\"https:\/\/nordicecho.eu\/wp-content\/uploads\/2025\/02\/Screenshot-2025-03-19-at-22.15.05.png 816w, https:\/\/nordicecho.eu\/wp-content\/uploads\/2025\/02\/Screenshot-2025-03-19-at-22.15.05-300x169.png 300w, https:\/\/nordicecho.eu\/wp-content\/uploads\/2025\/02\/Screenshot-2025-03-19-at-22.15.05-768x433.png 768w\" sizes=\"auto, (max-width: 816px) 100vw, 816px\" \/><\/a><\/figure>\n\n\n\n<p style=\"padding-top:var(--wp--preset--spacing--30);padding-bottom:0;font-size:clamp(0.875rem, 0.875rem + ((1vw - 0.2rem) * 0.043), 0.9rem);\"><strong>Toutes nos ventes sont effectu\u00e9es via fleasy.eu. Finalisez votre achat directement sur la plateforme.<\/strong><\/p>\n<\/div>\n\n\n\n<h3 class=\"wp-block-heading\"><strong>Les d\u00e9buts et la formation de Jan Johansson<\/strong><\/h3>\n\n\n\n<p>Jan Johansson est n\u00e9 en 1942 en Su\u00e8de et a grandi dans une famille artistique. Son p\u00e8re, Helge Johansson, \u00e9tait sculpteur et enseignant \u00e0 l\u2019\u00e9cole Konstfack, o\u00f9 Jan a \u00e9galement \u00e9tudi\u00e9 l\u2019orf\u00e8vrerie. Au cours de ses \u00e9tudes, il a d\u00e9velopp\u00e9 un sens unique de la forme et des mat\u00e9riaux, qui a servi de base \u00e0 sa future carri\u00e8re.<\/p>\n\n\n\n<p>Apr\u00e8s ses \u00e9tudes, il a bri\u00e8vement travaill\u00e9 dans le design industriel chez AGA \u00e0 Stockholm avant d\u2019\u00eatre recrut\u00e9 en 1969 par la verrerie Orrefors, o\u00f9 il est devenu l\u2019un des designers les plus influents.<\/p>\n\n\n\n<h3 class=\"wp-block-heading\"><strong>La carri\u00e8re de Jan Johansson chez Orrefors<\/strong><\/h3>\n\n\n\n<p>Pendant pr\u00e8s de 30 ans chez Orrefors (1969\u20131998), Jan Johansson a profond\u00e9ment marqu\u00e9 le d\u00e9veloppement du design verrier su\u00e9dois. Ses cr\u00e9ations se distinguaient par des lignes \u00e9pur\u00e9es, des d\u00e9coupes \u00e9l\u00e9gantes et une ma\u00eetrise exceptionnelle du jeu de lumi\u00e8re et d\u2019ombre.<\/p>\n\n\n\n<p>Parmi ses \u0153uvres les plus c\u00e9l\u00e8bres figurent :<\/p>\n\n\n\n<ul class=\"wp-block-list\">\n<li><strong>Street (2006)<\/strong> \u2013 une \u00e9l\u00e9gante collection de bar inspir\u00e9e du r\u00e9seau de rues de New York, avec des gravures profondes en forme de grille.<\/li>\n\n\n\n<li><strong>Fleur<\/strong> \u2013 une s\u00e9rie de coupes aux formes florales caract\u00e9ristiques et aux bords d\u00e9licatement facett\u00e9s.<\/li>\n\n\n\n<li><strong>Marin<\/strong> \u2013 une collection avec des d\u00e9coupes nervur\u00e9es distinctes, inspir\u00e9e du mouvement des vagues.<\/li>\n<\/ul>\n\n\n\n<p>Johansson a \u00e9galement travaill\u00e9 avec la technique avanc\u00e9e de l\u2019Ariel, qui consiste \u00e0 encapsuler des bulles d\u2019air et des motifs dans du cristal, renfor\u00e7ant encore sa r\u00e9putation d\u2019innovateur dans l\u2019art du verre.<\/p>\n\n\n\n<h3 class=\"wp-block-heading\"><strong>Jan Johansson en tant qu\u2019artiste ind\u00e9pendant<\/strong><\/h3>\n\n\n\n<p>Apr\u00e8s avoir quitt\u00e9 Orrefors en 1998, Jan Johansson a poursuivi son travail dans le design verrier, souvent en collaboration avec sa femme, Berit Johansson. Ensemble, ils ont dirig\u00e9 <strong>Johansson Art Design AB<\/strong>, cr\u00e9ant des \u0153uvres d\u2019art uniques et r\u00e9alisant des commandes sp\u00e9ciales.<\/p>\n\n\n\n<p>L\u2019une de ses cr\u00e9ations les plus marquantes de cette p\u00e9riode est la sculpture d\u2019autel <strong>\u00ab Golgata \u2013 La couronne d\u2019\u00e9pines du Christ \u00bb<\/strong>, install\u00e9e en 2004 dans la cath\u00e9drale de Link\u00f6ping. L\u2019\u0153uvre est compos\u00e9e de quinze blocs de cristal renfermant une couronne d\u2019\u00e9pines en verre color\u00e9 \u2013 une pi\u00e8ce poignante et spirituelle, salu\u00e9e pour sa puissance symbolique et sa ma\u00eetrise technique.<\/p>\n\n\n\n<h3 class=\"wp-block-heading\"><strong>L\u2019h\u00e9ritage et l\u2019influence de Jan Johansson<\/strong><\/h3>\n\n\n\n<p>Les \u0153uvres de Jan Johansson ont \u00e9t\u00e9 expos\u00e9es \u00e0 l\u2019\u00e9chelle nationale et internationale et sont conserv\u00e9es dans plusieurs mus\u00e9es, dont le Nationalmuseum de Stockholm et le Corning Museum of Glass aux \u00c9tats-Unis. Ses cr\u00e9ations restent intemporelles, et notamment la s\u00e9rie \u00ab Street \u00bb continue d\u2019\u00eatre un best-seller.<\/p>\n\n\n\n<p>Sa philosophie \u00e9tait simple mais puissante : <strong>\u00ab Je veux ma\u00eetriser la lumi\u00e8re. Si la lumi\u00e8re s\u2019\u00e9teint, le verre meurt. \u00bb<\/strong> Cette approche transpara\u00eet dans toutes ses cr\u00e9ations, des objets utilitaires aux \u0153uvres d\u2019art les plus grandioses.<\/p>\n\n\n\n<p>Avec une carri\u00e8re s\u2019\u00e9tendant sur plus de cinq d\u00e9cennies, Jan Johansson a solidifi\u00e9 sa place comme l\u2019un des plus grands designers verriers su\u00e9dois de tous les temps. Son h\u00e9ritage perdure \u00e0 travers ses magnifiques cr\u00e9ations jouant avec la lumi\u00e8re, qui continuent d\u2019\u00e9merveiller et d\u2019inspirer les nouvelles g\u00e9n\u00e9rations de designers et de collectionneurs d\u2019art.<\/p>\n","protected":false},"excerpt":{"rendered":"<p>Jan Johansson \u2013 L\u2019Artiste Verrier et Orf\u00e8vre Jan Johansson (1942\u20132018) \u00e9tait l\u2019un des artistes verriers et orf\u00e8vres les plus \u00e9minents de Su\u00e8de, connu pour son travail chez Orrefors ainsi que pour ses propres projets artistiques. Gr\u00e2ce \u00e0 sa pr\u00e9cision dans le travail du verre et \u00e0 sa sensibilit\u00e9 \u00e0 la lumi\u00e8re, il a cr\u00e9\u00e9 des [&hellip;]<\/p>\n","protected":false},"featured_media":0,"template":"","meta":[],"class_list":["post-2031","creators","type-creators","status-publish","hentry"],"yoast_head":"<!-- This site is optimized with the Yoast SEO plugin v24.4 - https:\/\/yoast.com\/wordpress\/plugins\/seo\/ -->\n<title>Jan Johansson \u2013 L\u2019Artiste Verrier et Orf\u00e8vre | Nordic Echo<\/title>\n<meta name=\"description\" content=\"Avec une carri\u00e8re s\u2019\u00e9tendant sur plus de cinq d\u00e9cennies, Jan Johansson a solidifi\u00e9 sa place comme l\u2019un des plus grands designers verriers.\" \/>\n<meta name=\"robots\" content=\"index, follow, max-snippet:-1, max-image-preview:large, max-video-preview:-1\" \/>\n<link rel=\"canonical\" href=\"https:\/\/nordicecho.eu\/fr\/createurs\/jan-johansson\/\" \/>\n<meta property=\"og:locale\" content=\"fr_FR\" \/>\n<meta property=\"og:type\" content=\"article\" \/>\n<meta property=\"og:title\" content=\"Jan Johansson \u2013 L\u2019Artiste Verrier et Orf\u00e8vre | Nordic Echo\" \/>\n<meta property=\"og:description\" content=\"Avec une carri\u00e8re s\u2019\u00e9tendant sur plus de cinq d\u00e9cennies, Jan Johansson a solidifi\u00e9 sa place comme l\u2019un des plus grands designers verriers.\" \/>\n<meta property=\"og:url\" content=\"https:\/\/nordicecho.eu\/fr\/createurs\/jan-johansson\/\" \/>\n<meta property=\"og:site_name\" content=\"Nordic Echo\" \/>\n<meta property=\"article:modified_time\" content=\"2025-03-19T22:02:10+00:00\" \/>\n<meta property=\"og:image\" content=\"https:\/\/nordicecho.eu\/wp-content\/uploads\/2025\/02\/Screenshot-2025-03-19-at-22.15.05.png\" \/>\n\t<meta property=\"og:image:width\" content=\"816\" \/>\n\t<meta property=\"og:image:height\" content=\"460\" \/>\n\t<meta property=\"og:image:type\" content=\"image\/png\" \/>\n<meta name=\"twitter:card\" content=\"summary_large_image\" \/>\n<meta name=\"twitter:label1\" content=\"Dur\u00e9e de lecture estim\u00e9e\" \/>\n\t<meta name=\"twitter:data1\" content=\"3 minutes\" \/>\n<script type=\"application\/ld+json\" class=\"yoast-schema-graph\">{\"@context\":\"https:\/\/schema.org\",\"@graph\":[{\"@type\":\"WebPage\",\"@id\":\"https:\/\/nordicecho.eu\/fr\/createurs\/jan-johansson\/\",\"url\":\"https:\/\/nordicecho.eu\/fr\/createurs\/jan-johansson\/\",\"name\":\"Jan Johansson \u2013 L\u2019Artiste Verrier et Orf\u00e8vre | Nordic Echo\",\"isPartOf\":{\"@id\":\"https:\/\/nordicecho.eu\/fr\/#website\"},\"primaryImageOfPage\":{\"@id\":\"https:\/\/nordicecho.eu\/fr\/createurs\/jan-johansson\/#primaryimage\"},\"image\":{\"@id\":\"https:\/\/nordicecho.eu\/fr\/createurs\/jan-johansson\/#primaryimage\"},\"thumbnailUrl\":\"https:\/\/nordicecho.eu\/wp-content\/uploads\/2025\/02\/Screenshot-2025-03-19-at-22.15.05.png\",\"datePublished\":\"2025-02-12T21:45:11+00:00\",\"dateModified\":\"2025-03-19T22:02:10+00:00\",\"description\":\"Avec une carri\u00e8re s\u2019\u00e9tendant sur plus de cinq d\u00e9cennies, Jan Johansson a solidifi\u00e9 sa place comme l\u2019un des plus grands designers verriers.\",\"breadcrumb\":{\"@id\":\"https:\/\/nordicecho.eu\/fr\/createurs\/jan-johansson\/#breadcrumb\"},\"inLanguage\":\"fr-FR\",\"potentialAction\":[{\"@type\":\"ReadAction\",\"target\":[\"https:\/\/nordicecho.eu\/fr\/createurs\/jan-johansson\/\"]}]},{\"@type\":\"ImageObject\",\"inLanguage\":\"fr-FR\",\"@id\":\"https:\/\/nordicecho.eu\/fr\/createurs\/jan-johansson\/#primaryimage\",\"url\":\"https:\/\/nordicecho.eu\/wp-content\/uploads\/2025\/02\/Screenshot-2025-03-19-at-22.15.05.png\",\"contentUrl\":\"https:\/\/nordicecho.eu\/wp-content\/uploads\/2025\/02\/Screenshot-2025-03-19-at-22.15.05.png\"},{\"@type\":\"BreadcrumbList\",\"@id\":\"https:\/\/nordicecho.eu\/fr\/createurs\/jan-johansson\/#breadcrumb\",\"itemListElement\":[{\"@type\":\"ListItem\",\"position\":1,\"name\":\"Hem\",\"item\":\"https:\/\/nordicecho.eu\/fr\/\"},{\"@type\":\"ListItem\",\"position\":2,\"name\":\"Creators\",\"item\":\"https:\/\/nordicecho.eu\/fr\/createurs\/\"},{\"@type\":\"ListItem\",\"position\":3,\"name\":\"Jan Johansson\"}]},{\"@type\":\"WebSite\",\"@id\":\"https:\/\/nordicecho.eu\/fr\/#website\",\"url\":\"https:\/\/nordicecho.eu\/fr\/\",\"name\":\"Nordic Echo\",\"description\":\"\",\"publisher\":{\"@id\":\"https:\/\/nordicecho.eu\/fr\/#organization\"},\"potentialAction\":[{\"@type\":\"SearchAction\",\"target\":{\"@type\":\"EntryPoint\",\"urlTemplate\":\"https:\/\/nordicecho.eu\/fr\/?s={search_term_string}\"},\"query-input\":{\"@type\":\"PropertyValueSpecification\",\"valueRequired\":true,\"valueName\":\"search_term_string\"}}],\"inLanguage\":\"fr-FR\"},{\"@type\":\"Organization\",\"@id\":\"https:\/\/nordicecho.eu\/fr\/#organization\",\"name\":\"Nordic Echo\",\"url\":\"https:\/\/nordicecho.eu\/fr\/\",\"logo\":{\"@type\":\"ImageObject\",\"inLanguage\":\"fr-FR\",\"@id\":\"https:\/\/nordicecho.eu\/fr\/#\/schema\/logo\/image\/\",\"url\":\"https:\/\/nordicecho.eu\/wp-content\/uploads\/2024\/06\/Screenshot-2024-10-03-at-17.12.40-copy.png\",\"contentUrl\":\"https:\/\/nordicecho.eu\/wp-content\/uploads\/2024\/06\/Screenshot-2024-10-03-at-17.12.40-copy.png\",\"width\":1498,\"height\":1024,\"caption\":\"Nordic Echo\"},\"image\":{\"@id\":\"https:\/\/nordicecho.eu\/fr\/#\/schema\/logo\/image\/\"}}]}<\/script>\n<!-- \/ Yoast SEO plugin. -->","yoast_head_json":{"title":"Jan Johansson \u2013 L\u2019Artiste Verrier et Orf\u00e8vre | Nordic Echo","description":"Avec une carri\u00e8re s\u2019\u00e9tendant sur plus de cinq d\u00e9cennies, Jan Johansson a solidifi\u00e9 sa place comme l\u2019un des plus grands designers verriers.","robots":{"index":"index","follow":"follow","max-snippet":"max-snippet:-1","max-image-preview":"max-image-preview:large","max-video-preview":"max-video-preview:-1"},"canonical":"https:\/\/nordicecho.eu\/fr\/createurs\/jan-johansson\/","og_locale":"fr_FR","og_type":"article","og_title":"Jan Johansson \u2013 L\u2019Artiste Verrier et Orf\u00e8vre | Nordic Echo","og_description":"Avec une carri\u00e8re s\u2019\u00e9tendant sur plus de cinq d\u00e9cennies, Jan Johansson a solidifi\u00e9 sa place comme l\u2019un des plus grands designers verriers.","og_url":"https:\/\/nordicecho.eu\/fr\/createurs\/jan-johansson\/","og_site_name":"Nordic Echo","article_modified_time":"2025-03-19T22:02:10+00:00","og_image":[{"width":816,"height":460,"url":"https:\/\/nordicecho.eu\/wp-content\/uploads\/2025\/02\/Screenshot-2025-03-19-at-22.15.05.png","type":"image\/png"}],"twitter_card":"summary_large_image","twitter_misc":{"Dur\u00e9e de lecture estim\u00e9e":"3 minutes"},"schema":{"@context":"https:\/\/schema.org","@graph":[{"@type":"WebPage","@id":"https:\/\/nordicecho.eu\/fr\/createurs\/jan-johansson\/","url":"https:\/\/nordicecho.eu\/fr\/createurs\/jan-johansson\/","name":"Jan Johansson \u2013 L\u2019Artiste Verrier et Orf\u00e8vre | Nordic Echo","isPartOf":{"@id":"https:\/\/nordicecho.eu\/fr\/#website"},"primaryImageOfPage":{"@id":"https:\/\/nordicecho.eu\/fr\/createurs\/jan-johansson\/#primaryimage"},"image":{"@id":"https:\/\/nordicecho.eu\/fr\/createurs\/jan-johansson\/#primaryimage"},"thumbnailUrl":"https:\/\/nordicecho.eu\/wp-content\/uploads\/2025\/02\/Screenshot-2025-03-19-at-22.15.05.png","datePublished":"2025-02-12T21:45:11+00:00","dateModified":"2025-03-19T22:02:10+00:00","description":"Avec une carri\u00e8re s\u2019\u00e9tendant sur plus de cinq d\u00e9cennies, Jan Johansson a solidifi\u00e9 sa place comme l\u2019un des plus grands designers verriers.","breadcrumb":{"@id":"https:\/\/nordicecho.eu\/fr\/createurs\/jan-johansson\/#breadcrumb"},"inLanguage":"fr-FR","potentialAction":[{"@type":"ReadAction","target":["https:\/\/nordicecho.eu\/fr\/createurs\/jan-johansson\/"]}]},{"@type":"ImageObject","inLanguage":"fr-FR","@id":"https:\/\/nordicecho.eu\/fr\/createurs\/jan-johansson\/#primaryimage","url":"https:\/\/nordicecho.eu\/wp-content\/uploads\/2025\/02\/Screenshot-2025-03-19-at-22.15.05.png","contentUrl":"https:\/\/nordicecho.eu\/wp-content\/uploads\/2025\/02\/Screenshot-2025-03-19-at-22.15.05.png"},{"@type":"BreadcrumbList","@id":"https:\/\/nordicecho.eu\/fr\/createurs\/jan-johansson\/#breadcrumb","itemListElement":[{"@type":"ListItem","position":1,"name":"Hem","item":"https:\/\/nordicecho.eu\/fr\/"},{"@type":"ListItem","position":2,"name":"Creators","item":"https:\/\/nordicecho.eu\/fr\/createurs\/"},{"@type":"ListItem","position":3,"name":"Jan Johansson"}]},{"@type":"WebSite","@id":"https:\/\/nordicecho.eu\/fr\/#website","url":"https:\/\/nordicecho.eu\/fr\/","name":"Nordic Echo","description":"","publisher":{"@id":"https:\/\/nordicecho.eu\/fr\/#organization"},"potentialAction":[{"@type":"SearchAction","target":{"@type":"EntryPoint","urlTemplate":"https:\/\/nordicecho.eu\/fr\/?s={search_term_string}"},"query-input":{"@type":"PropertyValueSpecification","valueRequired":true,"valueName":"search_term_string"}}],"inLanguage":"fr-FR"},{"@type":"Organization","@id":"https:\/\/nordicecho.eu\/fr\/#organization","name":"Nordic Echo","url":"https:\/\/nordicecho.eu\/fr\/","logo":{"@type":"ImageObject","inLanguage":"fr-FR","@id":"https:\/\/nordicecho.eu\/fr\/#\/schema\/logo\/image\/","url":"https:\/\/nordicecho.eu\/wp-content\/uploads\/2024\/06\/Screenshot-2024-10-03-at-17.12.40-copy.png","contentUrl":"https:\/\/nordicecho.eu\/wp-content\/uploads\/2024\/06\/Screenshot-2024-10-03-at-17.12.40-copy.png","width":1498,"height":1024,"caption":"Nordic Echo"},"image":{"@id":"https:\/\/nordicecho.eu\/fr\/#\/schema\/logo\/image\/"}}]}},"_links":{"self":[{"href":"https:\/\/nordicecho.eu\/fr\/wp-json\/wp\/v2\/creators\/2031","targetHints":{"allow":["GET"]}}],"collection":[{"href":"https:\/\/nordicecho.eu\/fr\/wp-json\/wp\/v2\/creators"}],"about":[{"href":"https:\/\/nordicecho.eu\/fr\/wp-json\/wp\/v2\/types\/creators"}],"wp:attachment":[{"href":"https:\/\/nordicecho.eu\/fr\/wp-json\/wp\/v2\/media?parent=2031"}],"curies":[{"name":"wp","href":"https:\/\/api.w.org\/{rel}","templated":true}]}}